{"id":2918,"date":"2023-12-18T18:37:16","date_gmt":"2023-12-18T17:37:16","guid":{"rendered":"https:\/\/jonasknecht.com\/?page_id=2918"},"modified":"2023-12-18T18:54:40","modified_gmt":"2023-12-18T17:54:40","slug":"selig-sind-die-holzkoepfe","status":"publish","type":"page","link":"https:\/\/jonasknecht.com\/?page_id=2918","title":{"rendered":"Selig sind die Holzk\u00f6pfe"},"content":{"rendered":"<h2 class=\"title-sub\">Eine musiktheatralische S\u00e9ance um Paula Roth mit Texten von<br \/>\nKatja Brunner, Anja Horst, Ariane von Graffenried und Martin Bieri<br \/>\nUrauff\u00fchrung<\/h2>\n<p><span style=\"color: #ffffff;\">.<\/span><br \/>\nPremiere am 1.April 2023 | Theater St.Gallen | UM!BAU<br \/>\nDie Produktion ist leider abgespielt. Hier geht&#8217;s zum <a href=\"https:\/\/vimeo.com\/816896033\" target=\"_blank\" rel=\"noopener\">MakingOf-Video<\/a>.<\/p>\n\n\t\t<!-- MasterSlider -->\n\t\t<div id=\"P_MS659c6ee00bf5b\" class=\"master-slider-parent ms-parent-id-27\" style=\"\" >\n\n\t\t\t\n\t\t\t<!-- MasterSlider Main -->\n\t\t\t<div id=\"MS659c6ee00bf5b\" class=\"master-slider ms-skin-default\" >\n\t\t\t\t \t\t\t\t \n\n\t\t\t<div  class=\"ms-slide\" data-delay=\"3\" data-fill-mode=\"fit\"   >\n\t\t\t\t\t<img decoding=\"async\" src=\"https:\/\/jonasknecht.com\/wp-content\/plugins\/masterslider\/public\/assets\/css\/blank.gif\" alt=\"\" title=\"01 IMG_4646\" data-src=\"https:\/\/jonasknecht.com\/wp-content\/uploads\/2023\/03\/01.jpg\" \/>\n\n\n\t\t\t\t<\/div>\n\t\t\t<div  class=\"ms-slide\" data-delay=\"3\" data-fill-mode=\"fit\"   >\n\t\t\t\t\t<img decoding=\"async\" src=\"https:\/\/jonasknecht.com\/wp-content\/plugins\/masterslider\/public\/assets\/css\/blank.gif\" alt=\"\" title=\"02 IMG_5091\" data-src=\"https:\/\/jonasknecht.com\/wp-content\/uploads\/2023\/03\/02.jpg\" \/>\n\n\n\t\t\t\t<\/div>\n\t\t\t<div  class=\"ms-slide\" data-delay=\"3\" data-fill-mode=\"fit\"   >\n\t\t\t\t\t<img decoding=\"async\" src=\"https:\/\/jonasknecht.com\/wp-content\/plugins\/masterslider\/public\/assets\/css\/blank.gif\" alt=\"\" title=\"03 IMG_5382\" data-src=\"https:\/\/jonasknecht.com\/wp-content\/uploads\/2023\/03\/03.jpg\" \/>\n\n\n\t\t\t\t<\/div>\n\t\t\t<div  class=\"ms-slide\" data-delay=\"3\" data-fill-mode=\"fit\"   >\n\t\t\t\t\t<img decoding=\"async\" src=\"https:\/\/jonasknecht.com\/wp-content\/plugins\/masterslider\/public\/assets\/css\/blank.gif\" alt=\"\" title=\"04 IMG_5584\" data-src=\"https:\/\/jonasknecht.com\/wp-content\/uploads\/2023\/03\/04.jpg\" \/>\n\n\n\t\t\t\t<\/div>\n\t\t\t<div  class=\"ms-slide\" data-delay=\"3\" data-fill-mode=\"fit\"   >\n\t\t\t\t\t<img decoding=\"async\" src=\"https:\/\/jonasknecht.com\/wp-content\/plugins\/masterslider\/public\/assets\/css\/blank.gif\" alt=\"\" title=\"05 IMG_5620\" data-src=\"https:\/\/jonasknecht.com\/wp-content\/uploads\/2023\/03\/05.jpg\" \/>\n\n\n\t\t\t\t<\/div>\n\t\t\t<div  class=\"ms-slide\" data-delay=\"3\" data-fill-mode=\"fit\"   >\n\t\t\t\t\t<img decoding=\"async\" src=\"https:\/\/jonasknecht.com\/wp-content\/plugins\/masterslider\/public\/assets\/css\/blank.gif\" alt=\"\" title=\"06 IMG_5732\" data-src=\"https:\/\/jonasknecht.com\/wp-content\/uploads\/2023\/03\/06.jpg\" \/>\n\n\n\t\t\t\t<\/div>\n\t\t\t<div  class=\"ms-slide\" data-delay=\"3\" data-fill-mode=\"fit\"   >\n\t\t\t\t\t<img decoding=\"async\" src=\"https:\/\/jonasknecht.com\/wp-content\/plugins\/masterslider\/public\/assets\/css\/blank.gif\" alt=\"\" title=\"07 IMG_6210\" data-src=\"https:\/\/jonasknecht.com\/wp-content\/uploads\/2023\/03\/07.jpg\" \/>\n\n\n\t\t\t\t<\/div>\n\t\t\t<div  class=\"ms-slide\" data-delay=\"3\" data-fill-mode=\"fit\"   >\n\t\t\t\t\t<img decoding=\"async\" src=\"https:\/\/jonasknecht.com\/wp-content\/plugins\/masterslider\/public\/assets\/css\/blank.gif\" alt=\"\" title=\"09 IMG_6473\" data-src=\"https:\/\/jonasknecht.com\/wp-content\/uploads\/2023\/03\/09.jpg\" \/>\n\n\n\t\t\t\t<\/div>\n\t\t\t<div  class=\"ms-slide\" data-delay=\"3\" data-fill-mode=\"fit\"   >\n\t\t\t\t\t<img decoding=\"async\" src=\"https:\/\/jonasknecht.com\/wp-content\/plugins\/masterslider\/public\/assets\/css\/blank.gif\" alt=\"\" title=\"10 IMG_6832\" data-src=\"https:\/\/jonasknecht.com\/wp-content\/uploads\/2023\/03\/10.jpg\" \/>\n\n\n\t\t\t\t<\/div>\n\n\t\t\t<\/div>\n\t\t\t<!-- END MasterSlider Main -->\n\n\t\t\t \n\t\t<\/div>\n\t\t<!-- END MasterSlider -->\n\n\t\t<script>\n\t\t( window.MSReady = window.MSReady || [] ).push( function( $ ) {\n\n\t\t\t\"use strict\";\n\t\t\tvar masterslider_bf5b = new MasterSlider();\n\n\t\t\t\/\/ slider controls\n\t\t\tmasterslider_bf5b.control('arrows'     ,{ autohide:true, overVideo:true  });\n\t\t\t\/\/ slider setup\n\t\t\tmasterslider_bf5b.setup(\"MS659c6ee00bf5b\", {\n\t\t\t\twidth           : 900,\n\t\t\t\theight          : 620,\n\t\t\t\tminHeight       : 0,\n\t\t\t\tspace           : 0,\n\t\t\t\tstart           : 1,\n\t\t\t\tgrabCursor      : false,\n\t\t\t\tswipe           : true,\n\t\t\t\tmouse           : true,\n\t\t\t\tkeyboard        : false,\n\t\t\t\tlayout          : \"fillwidth\",\n\t\t\t\twheel           : false,\n\t\t\t\tautoplay        : false,\n                instantStartLayers:false,\n\t\t\t\tmobileBGVideo:false,\n\t\t\t\tloop            : true,\n\t\t\t\tshuffle         : false,\n\t\t\t\tpreload         : 0,\n\t\t\t\theightLimit     : true,\n\t\t\t\tautoHeight      : false,\n\t\t\t\tsmoothHeight    : true,\n\t\t\t\tendPause        : false,\n\t\t\t\toverPause       : true,\n\t\t\t\tfillMode        : \"fill\",\n\t\t\t\tcenterControls  : true,\n\t\t\t\tstartOnAppear   : false,\n\t\t\t\tlayersMode      : \"center\",\n\t\t\t\tautofillTarget  : \"\",\n\t\t\t\thideLayers      : false,\n\t\t\t\tfullscreenMargin: 0,\n\t\t\t\tspeed           : 15,\n\t\t\t\tdir             : \"h\",\n\t\t\t\tresponsive      : true,\n\t\t\t\ttabletWidth     : 768,\n\t\t\t\ttabletHeight    : null,\n\t\t\t\tphoneWidth      : 480,\n\t\t\t\tphoneHeight    : null,\n\t\t\t\tsizingReference : window,\n\t\t\t\tparallaxMode    : 'swipe',\n\t\t\t\tview            : \"basic\"\n\t\t\t});\n\n\t\t\t\n\t\t\twindow.masterslider_instances = window.masterslider_instances || [];\n\t\t\twindow.masterslider_instances.push( masterslider_bf5b );\n\t\t});\n\t\t<\/script>\n\n\n<h2><strong><span style=\"color: #ffffff;\">.<\/span><br \/>\nPresse<\/strong><\/h2>\n<p><strong>Peter Surber schreibt im <a href=\"https:\/\/www.saiten.ch\/eine-theaterbeschwoerung\/\" target=\"_blank\" rel=\"noopener\">Ostschweizer Kulturmagazin Saiten<\/a> vom 4.4.2023:<\/strong> [&#8230;] \u00abSelig sind die Holzk\u00f6pfe\u00bb ist eine bildstarke Hommage an eine eindr\u00fcckliche Frau \u2013 und an das Theater. [&#8230;] Klug balanciert die Inszenierung am Melodrama vorbei und vermeidet auch die Falle des Naturalistischen, in die einen das abenteuerliche Leben der Paula Roth locken k\u00f6nnte. Was hier stimmungssicher beschworen wird, ist vielmehr exemplarisch: das Schicksal einer Frau, die sich in einer dumpfen M\u00e4nnerwelt behaupten musste, gewehrt hat, immer wieder den K\u00fcrzeren zog und sich dennoch nicht kleinkriegen liess. \u00abHexe\u00bb nannten sie die einen, ein \u00abliebes Hexlein\u00bb nennt sie sich selber. Die Hexe, \u00abhagazussa\u00bb, die auf dem Hag sitzt zwischen b\u00fcrgerlicher und magischer Sph\u00e4re \u2013 sie ist am Ende auch ein Sinn-Bild f\u00fcr das Theater, das sich seinen k\u00fcnstlerischen Reim auf die Realit\u00e4t macht und dabei das Publikum und die Gesellschaft \u00fcber den eigenen Zaun hinaus blicken l\u00e4sst. Mit <em>Selig sind die Holzk\u00f6pfe<\/em> ist Jonas Knecht nochmal dieser Spagat gegl\u00fcckt, mit einem Ensemble und Leitungsteam, das seine Hommage an eine charismatische Frau auch zur Hommage an den scheidenden Schauspieldirektor werden liess. Langanhaltender Applaus.<\/p>\n<p><strong>Die <a href=\"https:\/\/nachtkritik.de\/index.php?option=com_content&amp;view=article&amp;id=22272:selig-sind-die-holzkoepfe-theater-st-gallen-jonas-knecht-verabschiedet-sich-als-st-galler-schauspieldirektor-mit-einer-erzaehlung-von-der-sonderbaren-wirtsfrau-paula-roth&amp;catid=339&amp;Itemid=40\" target=\"_blank\" rel=\"noopener\">Nachtkritik<\/a> vom 2.4.2023 hat unsere Premiere so erlebt:<\/strong> [&#8230;] Jonas Knecht setzt ganz auf die Kraft seiner Bilder \u2013 die haben es in sich. Die Winterlandschaft zu Beginn (B\u00fchne: Michael K\u00f6pke) wird zum Winterwald, zur Messielandschaft, zum Messiegebirge, bis der Raum leerger\u00e4umt wird und eine leuchtende Jukebox im Dunkeln erz\u00e4hlt. Jonas Knecht f\u00e4ngt Stimmungen ein und zeichnet sie mit sieben Schauspieler:innen und zwei Musiker:innen auf die B\u00fchne. Schafe bl\u00f6ken, Paulas zucken, Uhus erkunden das stille Gasthaus. M\u00e4chtige Windst\u00f6sse legen die Kleiderlandschaft frei, im Kleidergebirge wird versucht, Ordnung zu schaffen, Pappk\u00f6pfe \u2013 wie sie Paula Roth ins Fenster stellte, um Einbrecher abzuschrecken \u2013 formieren sich zum Tableau. Stimmungsvoll auch die Musik von Anna Trauffer und Andi Peter. Mal Soundteppich mit traumverlorenem Glockenspiel, mal videospielpoppig, mal Choral, mal Schuberts Leiermann zitierend und quergeschnitten mit dem Berner Volkslied vom Vogulisi \u2013 die Atmosph\u00e4ren, die Jonas Knecht auf die B\u00fchne zeichnet, setzen Trauffer und Peter in Klang um. Eine musiktheatralische S\u00e9ance, so der Untertitel des St\u00fccks \u2013 Wirtin Paula Roth ergreift am Schluss selber das Wort. Wer sie wirklich war? Wer weiss das schon. Jonas Knecht und sein Ensemble erschaffen einen stimmungsvollen, liebevollen Bilderbogen \u2013 eine Hommage an eine ungew\u00f6hnliche Frau.<\/p>\n<p><strong>Das <a href=\"https:\/\/theater-konstellationen.net\/wp-content\/uploads\/2023\/04\/1_030423_St.Galler-Tagblatt_Selig-sind-die-Holzkoepfe_Kritik.pdf\" target=\"_blank\" rel=\"noopener\">St.Galler Tagblatt vom 3.4.2023<\/a> meint:<\/strong> [&#8230;] Holzk\u00f6pfe, Tier- und andere Masken (Kost\u00fcm: Sabine Blickenstorfer) mischen denn auch kr\u00e4ftig mit auf der von Michael K\u00f6pke entworfenen, zun\u00e4chst in durchscheinende weisse Schleier geh\u00fcllten B\u00fchne; sie geben dem St\u00fcck visuelle Magie. W\u00e4hrend Paula Roth selbst im Unscharfen bleibt, konturenlos, nur heraufbeschworen von allen gemeinsam und abwechselnd \u2013 von Anna Blumer, Tabea Buser, Birgit B\u00fccker, Pascale Pfeuti, Anja Trobler, Tobias Graupner und Julius Schr\u00f6der \u2013, in einer bild- und soundstarken, von Marcel Leemann choreografierten \u00abmusiktheatralischen S\u00e9ance\u00bb. [&#8230;] Der Text ist nur ein Teil der Spurensuche; er schichtet poetische Ann\u00e4herung, biografische Erz\u00e4hlung und schlaglichtartige, nicht dramatisch verdichtete Szenen \u2013 etwa vom Klinikaufenthalt in der Psychiatrie in M\u00fcnsterlingen, bei dem die geballte Lebenswut der in eine ungl\u00fcckliche Ehe gezwungenen Patientin durch Medikamente \u00abverwinzt\u00bb wird. [&#8230;]<\/p>\n<p><strong><a href=\"https:\/\/www.srf.ch\/audio\/kultur-kompakt\/blick-in-die-feuilletons-mit-stephanie-graetz?id=12365260\" target=\"_blank\" rel=\"noopener\">Kultur Kompakt auf SRF 2<\/a> sieht es so (ab 00:24:15):<\/strong> Wirtin, Heilerin, K\u00fcnstlerin \u2013 das Schauspiel St. Gallen zeichnet mit \u00abSelig sind die Holzk\u00f6pfe\u00bb in einer bildgewaltigen Inszenierung Stationen des Lebens von Paula Roth nach.<\/p>\n<div class=\"clearfix mceNonEditable\"><\/div>\n<h2><strong><span style=\"color: #ffffff;\">.<\/span><br \/>\nTrailer<\/strong><\/h2>\n<p><iframe loading=\"lazy\" title=\"Theater St.Gallen \/ &quot;Selig sind die Holzk\u00f6pfe&quot; \/ Trailer\" src=\"https:\/\/player.vimeo.com\/video\/814633926?dnt=1&amp;app_id=122963\" width=\"500\" height=\"281\" frameborder=\"0\" allow=\"autoplay; fullscreen; picture-in-picture; clipboard-write\"><\/iframe><\/p>\n<p>&nbsp;<\/p>\n<h2><strong><br \/>\n<span style=\"color: #ffffff;\">.<\/span><br \/>\nZum St\u00fcck<\/strong><\/h2>\n<p>Um die Thurgauer K\u00fcnstlerin, Heilerin und Wirtin Paula Roth ranken sich viele Geschichten. Nachdem die \u201eHexe vom Albulatal\u201c 1988 in ihrem Restaurant Bellaluna ermordet worden war, wurde sie endg\u00fcltig zur Legende. Unter dem Titel &#8222;Selig sind die Holzk\u00f6pfe!&#8220; hat das Theater St.Gallen dieser aussergew\u00f6hnlichen Frau einen Theaterabend gewidmet.<\/p>\n<p>Die Auseinandersetzung mit Paula Roth markiert einen folgerichtigen Abschluss von Jonas Knechts T\u00e4tigkeit am Theater St.Gallen. Es war von Anfang an sein Anliegen als Schauspieldirektor, auf der B\u00fchne auch Menschen und ihre Geschichten aus der Region zu zeigen und auf ihren Spuren Themen wie Heimat und Identifikation nachzugehen. So sehr aber das Leben von Paula Roth mit der Natur, der Landschaft und den Menschen in der Ostschweiz verkn\u00fcpft ist, so sehr ist der Stoff mit seinen Fragestellungen auch von universellem Interesse: Was war das f\u00fcr ein Refugium, das sich Paula Roth erschaffen hat? Ein Gegenentwurf zum etablierten Gesellschaftssystem, das sie umgab? Eine Parallelgesellschaft in den Bergen? Welche Optionen haben Menschen, Gruppen oder ganze Staaten, die keinen Zutritt zu einer Gemeinschaft ihresgleichen haben \u2013 oder diesen vielleicht gar nicht haben wollen? Wie weit reicht die gegenseitige Solidarit\u00e4t \u2013 grunds\u00e4tzlich und gerade auch in Krisenzeiten?<\/p>\n<p>Paula Roth km 1918 in G\u00fcttingen am Bodensee zur Welt. Sie hatte ein \u00fcberaus bewegtes Leben, vor allem eine ungl\u00fcckliche Ehe warf sie in eine tiefe Krise. Sie wurde krank, litt zudem an einer Zitterl\u00e4hmung und fasste nach f\u00fcnf Jahren den Entschluss, sich von ihrem Mann zu trennen. Die beiden Kinder wurden ihm zugesprochen, was zeitlebens zu einer sehr schwierigen Beziehung der Mutter zu ihren Kindern f\u00fchrte. Aber Paula Roth k\u00e4mpfte sich weiter durchs Leben, arbeitete als Schneiderin, Haush\u00e4lterin und Kellnerin. 1962 entdeckte sie das heruntergekommene, leerstehende Gasthaus Bellaluna im Albulatal. Sie pachtete und renovierte das abgelegene Haus und kaufte es wenige Jahre sp\u00e4ter. Als Wirtin, K\u00fcnstlerin und Naturheilerin erwarb sie sich bald einen Namen als schillernde Aussenseiterin. 1988 wurde sie in ihrem Wirtshaus von drei M\u00e4nnern \u00fcberfallen und mit mehreren Messerstichen get\u00f6tet.<\/p>\n<p>F\u00fcr das Theater St.Gallen ist es ein Gl\u00fccksfall, dass f\u00fcr dieses Projekt als Hauptautorin Katja Brunner gewonnen werden konnte. Die junge, bereits sehr erfolgreiche Schweizer Dramatikerin n\u00e4herte sich Paula Roth sehr assoziativ an. Weitere Texte haben Anja Horst, Ariane von Graffenried, Martin Bieri und Jonas Knecht beigesteuert. Im Variantenreichtum der Texte spiegelt sich auch die Vielschichtigkeit der Pers\u00f6nlichkeit Paula Roth. Doch das St\u00fcck mit dem Untertitel Eine musiktheatralische S\u00e9ance erz\u00e4hlt nicht linear ihre Geschichte nach. \u00abWir haben nicht den Anspruch, ein vollst\u00e4ndiges Bild von Paula Roth zu zeichnen. Eine S\u00e9ance ist ja eigentlich eine Geisterbeschw\u00f6rung. \u00abWir wollen versuchen, gewisse Aspekte von Paula greifbar, sp\u00fcrbar zu machen, Bilder daf\u00fcr zu finden. Wir werden Paula nicht als Figur darstellen\u00bb, sagt Jonas Knecht. Stattdessen sucht die Inszenierung nach Ritualen t\u00e4nzerischer Natur, die es erm\u00f6glichen, Menschen, aber auch Tiere darzustellen, die in Paula Roths Leben von grosser Bedeutung waren. \u00dcber diese Bewegungen, Musik und Bilder soll die aussergew\u00f6hnliche Frau wieder lebendig werden. Die Choreografie von Marcel Leemann und die Live-Musik von Anna Trauffer und Andi Peter spielen dementsprechend eine sehr wichtige Rolle.<\/p>\n<p>Regisseur und Co-Autor Jonas Knecht ist vor allem von der St\u00e4rke und Eigenst\u00e4ndigkeit von Paula Roth fasziniert. \u00abSie ist durch alle gesellschaftlichen Maschen gefallen, schaffte sich dort im Albulatal eine Art Parallelwelt, in der sie nach eigenen Vorstellungen regierte. Sie war eine ganz starke Person, ist immer wieder auf die Beine gekommen, hat sich behauptet gegen alle Widrigkeiten\u00bb, sagt er. Die Eigenwilligkeit, aber auch Verschmitztheit von Paula Roth wird auch illustriert durch den Titel des St\u00fccks. Auf einen selbst geschnitzten Holzkopf, eine Art Selbstbildnis, setzte sie die Inschrift: \u00abSelig sind die Holzk\u00f6pfe, denn sie ertrinken nicht.\u00bb<\/p>\n<h2><strong><span style=\"color: #ffffff;\">.<\/span><br \/>\nBesetzung<\/strong><\/h2>\n<p class=\"staff 44419\">INSZENIERUNG Jonas Knecht<br \/>\nLIVE-MUSIK Anna Trauffer, Andi Peter<br \/>\nCHOREOGRAPHIE Marcel Leemann<br \/>\nB\u00dcHNE Michael K\u00f6pke<br \/>\nKOST\u00dcME Sabine Blickenstorfer<br \/>\nDRAMATURGIE Anja Horst<br \/>\nLICHT Andreas Volk<br \/>\nREGIEASSISTENZ UND ABENDSPIELLEITUNG Sina Wider<br \/>\nINSPIZIENZ Patricia Flores<br \/>\nSOUFFLEUSE Dorothea Gilgen<\/p>\n<p class=\"staff 44419\">SPIEL Anna Blumer, Tabea Buser, Birgit B\u00fccker, Pascale Pfeuti, Anja Tobler, Tobias Graupner, Julius Schr\u00f6der<\/p>\n<p>&nbsp;<\/p>\n","protected":false},"excerpt":{"rendered":"<p>Eine musiktheatralische S\u00e9ance um Paula Roth mit Texten von Katja Brunner, Anja Horst, Ariane von Graffenried und Martin Bieri Urauff\u00fchrung . Premiere am 1.April 2023&#8230;<\/p>\n<div class=\"more-link-wrapper\"><a class=\"more-link\" href=\"https:\/\/jonasknecht.com\/?page_id=2918\">Weiterlesen<span class=\"screen-reader-text\">Selig sind die Holzk\u00f6pfe<\/span><\/a><\/div>\n","protected":false},"author":1,"featured_media":0,"parent":133,"menu_order":0,"comment_status":"closed","ping_status":"closed","template":"","meta":{"footnotes":""},"class_list":["post-2918","page","type-page","status-publish","hentry","ratio-natural","entry"],"_links":{"self":[{"href":"https:\/\/jonasknecht.com\/index.php?rest_route=\/wp\/v2\/pages\/2918","targetHints":{"allow":["GET"]}}],"collection":[{"href":"https:\/\/jonasknecht.com\/index.php?rest_route=\/wp\/v2\/pages"}],"about":[{"href":"https:\/\/jonasknecht.com\/index.php?rest_route=\/wp\/v2\/types\/page"}],"author":[{"embeddable":true,"href":"https:\/\/jonasknecht.com\/index.php?rest_route=\/wp\/v2\/users\/1"}],"replies":[{"embeddable":true,"href":"https:\/\/jonasknecht.com\/index.php?rest_route=%2Fwp%2Fv2%2Fcomments&post=2918"}],"version-history":[{"count":10,"href":"https:\/\/jonasknecht.com\/index.php?rest_route=\/wp\/v2\/pages\/2918\/revisions"}],"predecessor-version":[{"id":2928,"href":"https:\/\/jonasknecht.com\/index.php?rest_route=\/wp\/v2\/pages\/2918\/revisions\/2928"}],"up":[{"embeddable":true,"href":"https:\/\/jonasknecht.com\/index.php?rest_route=\/wp\/v2\/pages\/133"}],"wp:attachment":[{"href":"https:\/\/jonasknecht.com\/index.php?rest_route=%2Fwp%2Fv2%2Fmedia&parent=2918"}],"curies":[{"name":"wp","href":"https:\/\/api.w.org\/{rel}","templated":true}]}}